{"id":11545,"date":"2026-08-30T16:34:55","date_gmt":"2026-08-30T16:34:55","guid":{"rendered":"https:\/\/mobiledekor.com\/contactez-nous\/"},"modified":"2026-08-30T16:36:28","modified_gmt":"2026-08-30T16:36:28","slug":"contactez-nous","status":"publish","type":"page","link":"https:\/\/mobiledekor.com\/fr\/contactez-nous\/","title":{"rendered":"Contactez-nous"},"content":{"rendered":"\t\t<div data-elementor-type=\"wp-page\" data-elementor-id=\"11545\" class=\"elementor elementor-11545 elementor-11517\" data-elementor-post-type=\"page\">\n\t\t\t\t<div class=\"elementor-element elementor-element-10bdad1 e-con-full e-flex e-con e-parent\" data-id=\"10bdad1\" data-element_type=\"container\" data-settings=\"{&quot;background_background&quot;:&quot;classic&quot;}\">\n\t\t\t\t<div class=\"elementor-element elementor-element-f30e4d5 elementor-widget elementor-widget-heading\" data-id=\"f30e4d5\" data-element_type=\"widget\" data-widget_type=\"heading.default\">\n\t\t\t\t<div class=\"elementor-widget-container\">\n\t\t\t\t\t<div class=\"elementor-heading-title elementor-size-default\">VOTRE PROJET COMMENCE ICI<\/div>\t\t\t\t<\/div>\n\t\t\t\t<\/div>\n\t\t\t\t<div class=\"elementor-element elementor-element-793dc85 elementor-widget elementor-widget-heading\" data-id=\"793dc85\" data-element_type=\"widget\" data-widget_type=\"heading.default\">\n\t\t\t\t<div class=\"elementor-widget-container\">\n\t\t\t\t\t<h1 class=\"elementor-heading-title elementor-size-default\">CONTACTEZ-NOUS<\/h1>\t\t\t\t<\/div>\n\t\t\t\t<\/div>\n\t\t\t\t<div class=\"elementor-element elementor-element-ead2c66 elementor-widget elementor-widget-text-editor\" data-id=\"ead2c66\" data-element_type=\"widget\" data-widget_type=\"text-editor.default\">\n\t\t\t\t<div class=\"elementor-widget-container\">\n\t\t\t\t\t\t\t\t\t<p>D\u00e9crivez-nous votre espace et vos besoins. Notre \u00e9quipe vous accompagnera de la consultation \u00e0 la conception, jusqu&rsquo;\u00e0 la mise en \u0153uvre compl\u00e8te. <\/p>\t\t\t\t\t\t\t\t<\/div>\n\t\t\t\t<\/div>\n\t\t\t\t<\/div>\n\t\t<div class=\"elementor-element elementor-element-e10bcca e-flex e-con-boxed e-con e-parent\" data-id=\"e10bcca\" data-element_type=\"container\">\n\t\t\t\t\t<div class=\"e-con-inner\">\n\t\t<div class=\"elementor-element elementor-element-95d6ea3 e-con-full e-flex e-con e-child\" data-id=\"95d6ea3\" data-element_type=\"container\">\n\t\t\t\t<div class=\"elementor-element elementor-element-8689498 elementor-widget elementor-widget-heading\" data-id=\"8689498\" data-element_type=\"widget\" data-widget_type=\"heading.default\">\n\t\t\t\t<div class=\"elementor-widget-container\">\n\t\t\t\t\t<div class=\"elementor-heading-title elementor-size-default\">Contact<\/div>\t\t\t\t<\/div>\n\t\t\t\t<\/div>\n\t\t\t\t<div class=\"elementor-element elementor-element-2af0643 elementor-widget elementor-widget-heading\" data-id=\"2af0643\" data-element_type=\"widget\" data-widget_type=\"heading.default\">\n\t\t\t\t<div class=\"elementor-widget-container\">\n\t\t\t\t\t<h2 class=\"elementor-heading-title elementor-size-default\">PARLONS DE VOTRE PROJET<\/h2>\t\t\t\t<\/div>\n\t\t\t\t<\/div>\n\t\t\t\t<div class=\"elementor-element elementor-element-b88f6c6 elementor-widget elementor-widget-text-editor\" data-id=\"b88f6c6\" data-element_type=\"widget\" data-widget_type=\"text-editor.default\">\n\t\t\t\t<div class=\"elementor-widget-container\">\n\t\t\t\t\t\t\t\t\t<p>Qu\u2019il s\u2019agisse d\u2019une cuisine sur mesure, d\u2019un ameublement complet ou d\u2019un projet professionnel, notre \u00e9quipe est pr\u00eate \u00e0 vous \u00e9couter et \u00e0 vous guider vers la solution id\u00e9ale.<\/p>\t\t\t\t\t\t\t\t<\/div>\n\t\t\t\t<\/div>\n\t\t\t\t<\/div>\n\t\t<div class=\"elementor-element elementor-element-e6dfbf5 e-con-full e-flex e-con e-child\" data-id=\"e6dfbf5\" data-element_type=\"container\">\n\t\t\t\t<div class=\"elementor-element elementor-element-f6d567e elementor-widget elementor-widget-heading\" data-id=\"f6d567e\" data-element_type=\"widget\" data-widget_type=\"heading.default\">\n\t\t\t\t<div class=\"elementor-widget-container\">\n\t\t\t\t\t<h3 class=\"elementor-heading-title elementor-size-default\">CONTACTEZ-NOUS DIRECTEMENT<\/h3>\t\t\t\t<\/div>\n\t\t\t\t<\/div>\n\t\t\t\t<div class=\"elementor-element elementor-element-59bce40 elementor-icon-list--layout-traditional elementor-list-item-link-full_width elementor-widget elementor-widget-icon-list\" data-id=\"59bce40\" data-element_type=\"widget\" data-widget_type=\"icon-list.default\">\n\t\t\t\t<div class=\"elementor-widget-container\">\n\t\t\t\t\t\t\t<ul class=\"elementor-icon-list-items\">\n\t\t\t\t\t\t\t<li class=\"elementor-icon-list-item\">\n\t\t\t\t\t\t\t\t\t\t\t<a href=\"tel:+38338704455\">\n\n\t\t\t\t\t\t\t\t\t\t\t\t<span class=\"elementor-icon-list-icon\">\n\t\t\t\t\t\t\t<i aria-hidden=\"true\" class=\"fas fa-phone-alt\"><\/i>\t\t\t\t\t\t<\/span>\n\t\t\t\t\t\t\t\t\t\t<span class=\"elementor-icon-list-text\">+383 38 70 44 55<\/span>\n\t\t\t\t\t\t\t\t\t\t\t<\/a>\n\t\t\t\t\t\t\t\t\t<\/li>\n\t\t\t\t\t\t\t\t<li class=\"elementor-icon-list-item\">\n\t\t\t\t\t\t\t\t\t\t\t<a href=\"https:\/\/wa.me\/38349275656\">\n\n\t\t\t\t\t\t\t\t\t\t\t\t<span class=\"elementor-icon-list-icon\">\n\t\t\t\t\t\t\t<i aria-hidden=\"true\" class=\"fab fa-whatsapp\"><\/i>\t\t\t\t\t\t<\/span>\n\t\t\t\t\t\t\t\t\t\t<span class=\"elementor-icon-list-text\">+383 49 275 656<\/span>\n\t\t\t\t\t\t\t\t\t\t\t<\/a>\n\t\t\t\t\t\t\t\t\t<\/li>\n\t\t\t\t\t\t\t\t<li class=\"elementor-icon-list-item\">\n\t\t\t\t\t\t\t\t\t\t\t<a href=\"mailto:info@mobiledekor.com\">\n\n\t\t\t\t\t\t\t\t\t\t\t\t<span class=\"elementor-icon-list-icon\">\n\t\t\t\t\t\t\t<i aria-hidden=\"true\" class=\"far fa-envelope\"><\/i>\t\t\t\t\t\t<\/span>\n\t\t\t\t\t\t\t\t\t\t<span class=\"elementor-icon-list-text\">info@mobiledekor.com<\/span>\n\t\t\t\t\t\t\t\t\t\t\t<\/a>\n\t\t\t\t\t\t\t\t\t<\/li>\n\t\t\t\t\t\t<\/ul>\n\t\t\t\t\t\t<\/div>\n\t\t\t\t<\/div>\n\t\t\t\t<\/div>\n\t\t\t\t\t<\/div>\n\t\t\t\t<\/div>\n\t\t<div class=\"elementor-element elementor-element-092544d e-flex e-con-boxed e-con e-parent\" data-id=\"092544d\" data-element_type=\"container\" id=\"lokacionet\">\n\t\t\t\t\t<div class=\"e-con-inner\">\n\t\t\t\t<div class=\"elementor-element elementor-element-70b9a2d elementor-widget elementor-widget-heading\" data-id=\"70b9a2d\" data-element_type=\"widget\" data-widget_type=\"heading.default\">\n\t\t\t\t<div class=\"elementor-widget-container\">\n\t\t\t\t\t<div class=\"elementor-heading-title elementor-size-default\">VISITEZ MOBILE DEKOR<\/div>\t\t\t\t<\/div>\n\t\t\t\t<\/div>\n\t\t\t\t<div class=\"elementor-element elementor-element-1cbb87c elementor-widget elementor-widget-heading\" data-id=\"1cbb87c\" data-element_type=\"widget\" data-widget_type=\"heading.default\">\n\t\t\t\t<div class=\"elementor-widget-container\">\n\t\t\t\t\t<h2 class=\"elementor-heading-title elementor-size-default\">NOS EMPLACEMENTS<\/h2>\t\t\t\t<\/div>\n\t\t\t\t<\/div>\n\t\t\t\t<div class=\"elementor-element elementor-element-367ba68 elementor-widget elementor-widget-text-editor\" data-id=\"367ba68\" data-element_type=\"widget\" data-widget_type=\"text-editor.default\">\n\t\t\t\t<div class=\"elementor-widget-container\">\n\t\t\t\t\t\t\t\t\t<p>Rendez-nous visite dans le magasin le plus proche de chez vous pour d\u00e9couvrir de pr\u00e8s nos mat\u00e9riaux, nos finitions et nos solutions.<\/p>\t\t\t\t\t\t\t\t<\/div>\n\t\t\t\t<\/div>\n\t\t<div class=\"elementor-element elementor-element-83cd439 e-grid e-con-full e-con e-child\" data-id=\"83cd439\" data-element_type=\"container\">\n\t\t<div class=\"elementor-element elementor-element-13fbde6 e-con-full e-flex e-con e-child\" data-id=\"13fbde6\" data-element_type=\"container\">\n\t\t\t\t<div class=\"elementor-element elementor-element-f361f98 elementor-widget elementor-widget-heading\" data-id=\"f361f98\" data-element_type=\"widget\" data-widget_type=\"heading.default\">\n\t\t\t\t<div class=\"elementor-widget-container\">\n\t\t\t\t\t<h3 class=\"elementor-heading-title elementor-size-default\">PEC<\/h3>\t\t\t\t<\/div>\n\t\t\t\t<\/div>\n\t\t\t\t<div class=\"elementor-element elementor-element-568f159 elementor-widget elementor-widget-text-editor\" data-id=\"568f159\" data-element_type=\"widget\" data-widget_type=\"text-editor.default\">\n\t\t\t\t<div class=\"elementor-widget-container\">\n\t\t\t\t\t\t\t\t\t<p>Rue Tahir Shala, n\u00b0 23<br\/> 30000 Peja, Kosovo <\/p><p>Du lundi au samedi : 8h00\u201318h00<br\/> Dimanche : Ferm\u00e9<\/p>\t\t\t\t\t\t\t\t<\/div>\n\t\t\t\t<\/div>\n\t\t\t\t<div class=\"elementor-element elementor-element-ab3211a elementor-widget elementor-widget-button\" data-id=\"ab3211a\" data-element_type=\"widget\" data-widget_type=\"button.default\">\n\t\t\t\t<div class=\"elementor-widget-container\">\n\t\t\t\t\t\t\t\t\t<div class=\"elementor-button-wrapper\">\n\t\t\t\t\t<a class=\"elementor-button elementor-button-link elementor-size-sm\" href=\"https:\/\/maps.app.goo.gl\/re3XfskLgn9uKrbj7\" target=\"_blank\">\n\t\t\t\t\t\t<span class=\"elementor-button-content-wrapper\">\n\t\t\t\t\t\t\t\t\t<span class=\"elementor-button-text\">OUVRIR SUR LA CARTE<\/span>\n\t\t\t\t\t<\/span>\n\t\t\t\t\t<\/a>\n\t\t\t\t<\/div>\n\t\t\t\t\t\t\t\t<\/div>\n\t\t\t\t<\/div>\n\t\t\t\t<\/div>\n\t\t<div class=\"elementor-element elementor-element-fe115a2 e-con-full e-flex e-con e-child\" data-id=\"fe115a2\" data-element_type=\"container\">\n\t\t\t\t<div class=\"elementor-element elementor-element-b7fef53 elementor-widget elementor-widget-heading\" data-id=\"b7fef53\" data-element_type=\"widget\" data-widget_type=\"heading.default\">\n\t\t\t\t<div class=\"elementor-widget-container\">\n\t\t\t\t\t<h3 class=\"elementor-heading-title elementor-size-default\">Cr\u00e8me<\/h3>\t\t\t\t<\/div>\n\t\t\t\t<\/div>\n\t\t\t\t<div class=\"elementor-element elementor-element-a938bb6 elementor-widget elementor-widget-text-editor\" data-id=\"a938bb6\" data-element_type=\"widget\" data-widget_type=\"text-editor.default\">\n\t\t\t\t<div class=\"elementor-widget-container\">\n\t\t\t\t\t\t\t\t\t<p>Rue Mustaf Nimoni, n\u00b0 88<br\/> 30000 Qyshk, Peja, Kosovo <\/p><p>Du lundi au samedi : 9h00\u201318h00<br\/> Dimanche : Ferm\u00e9<\/p>\t\t\t\t\t\t\t\t<\/div>\n\t\t\t\t<\/div>\n\t\t\t\t<div class=\"elementor-element elementor-element-8c8a955 elementor-widget elementor-widget-button\" data-id=\"8c8a955\" data-element_type=\"widget\" data-widget_type=\"button.default\">\n\t\t\t\t<div class=\"elementor-widget-container\">\n\t\t\t\t\t\t\t\t\t<div class=\"elementor-button-wrapper\">\n\t\t\t\t\t<a class=\"elementor-button elementor-button-link elementor-size-sm\" href=\"https:\/\/maps.app.goo.gl\/vx6Hp8gb2upFH3EXA\" target=\"_blank\">\n\t\t\t\t\t\t<span class=\"elementor-button-content-wrapper\">\n\t\t\t\t\t\t\t\t\t<span class=\"elementor-button-text\">OUVRIR SUR LA CARTE<\/span>\n\t\t\t\t\t<\/span>\n\t\t\t\t\t<\/a>\n\t\t\t\t<\/div>\n\t\t\t\t\t\t\t\t<\/div>\n\t\t\t\t<\/div>\n\t\t\t\t<\/div>\n\t\t<div class=\"elementor-element elementor-element-e1f2a4e e-con-full e-flex e-con e-child\" data-id=\"e1f2a4e\" data-element_type=\"container\">\n\t\t\t\t<div class=\"elementor-element elementor-element-2ba7a11 elementor-widget elementor-widget-heading\" data-id=\"2ba7a11\" data-element_type=\"widget\" data-widget_type=\"heading.default\">\n\t\t\t\t<div class=\"elementor-widget-container\">\n\t\t\t\t\t<h3 class=\"elementor-heading-title elementor-size-default\">Gjakova<\/h3>\t\t\t\t<\/div>\n\t\t\t\t<\/div>\n\t\t\t\t<div class=\"elementor-element elementor-element-befba3e elementor-widget elementor-widget-text-editor\" data-id=\"befba3e\" data-element_type=\"widget\" data-widget_type=\"text-editor.default\">\n\t\t\t\t<div class=\"elementor-widget-container\">\n\t\t\t\t\t\t\t\t\t<p>Rr. U\u00c7K-s\u00eb, n\u00b0 120<br\/> 50000 Gjakova, Kosovo <\/p><p>Du lundi au samedi : 9h00\u201318h00<br\/> Dimanche : Ferm\u00e9<\/p>\t\t\t\t\t\t\t\t<\/div>\n\t\t\t\t<\/div>\n\t\t\t\t<div class=\"elementor-element elementor-element-88c970e elementor-widget elementor-widget-button\" data-id=\"88c970e\" data-element_type=\"widget\" data-widget_type=\"button.default\">\n\t\t\t\t<div class=\"elementor-widget-container\">\n\t\t\t\t\t\t\t\t\t<div class=\"elementor-button-wrapper\">\n\t\t\t\t\t<a class=\"elementor-button elementor-button-link elementor-size-sm\" href=\"https:\/\/maps.app.goo.gl\/xrq8Rgbmhffiuj7Y8\" target=\"_blank\">\n\t\t\t\t\t\t<span class=\"elementor-button-content-wrapper\">\n\t\t\t\t\t\t\t\t\t<span class=\"elementor-button-text\">OUVRIR SUR LA CARTE<\/span>\n\t\t\t\t\t<\/span>\n\t\t\t\t\t<\/a>\n\t\t\t\t<\/div>\n\t\t\t\t\t\t\t\t<\/div>\n\t\t\t\t<\/div>\n\t\t\t\t<\/div>\n\t\t<div class=\"elementor-element elementor-element-c49a24d e-con-full e-flex e-con e-child\" data-id=\"c49a24d\" data-element_type=\"container\">\n\t\t\t\t<div class=\"elementor-element elementor-element-2f9367e elementor-widget elementor-widget-heading\" data-id=\"2f9367e\" data-element_type=\"widget\" data-widget_type=\"heading.default\">\n\t\t\t\t<div class=\"elementor-widget-container\">\n\t\t\t\t\t<h3 class=\"elementor-heading-title elementor-size-default\">R\u00fcmlang\u2013Zurich<\/h3>\t\t\t\t<\/div>\n\t\t\t\t<\/div>\n\t\t\t\t<div class=\"elementor-element elementor-element-d470378 elementor-widget elementor-widget-text-editor\" data-id=\"d470378\" data-element_type=\"widget\" data-widget_type=\"text-editor.default\">\n\t\t\t\t<div class=\"elementor-widget-container\">\n\t\t\t\t\t\t\t\t\t<p>Riedmattstrasse 9<br\/> 8153 R\u00fcmlang, Suisse<\/p><p>Du lundi au samedi : 8h00\u201318h00<br\/> Dimanche : Ferm\u00e9<\/p>\t\t\t\t\t\t\t\t<\/div>\n\t\t\t\t<\/div>\n\t\t\t\t<div class=\"elementor-element elementor-element-d91c62d elementor-widget elementor-widget-button\" data-id=\"d91c62d\" data-element_type=\"widget\" data-widget_type=\"button.default\">\n\t\t\t\t<div class=\"elementor-widget-container\">\n\t\t\t\t\t\t\t\t\t<div class=\"elementor-button-wrapper\">\n\t\t\t\t\t<a class=\"elementor-button elementor-button-link elementor-size-sm\" href=\"https:\/\/maps.app.goo.gl\/6YUb96ynxzMBrxxX9\" target=\"_blank\">\n\t\t\t\t\t\t<span class=\"elementor-button-content-wrapper\">\n\t\t\t\t\t\t\t\t\t<span class=\"elementor-button-text\">OUVRIR SUR LA CARTE<\/span>\n\t\t\t\t\t<\/span>\n\t\t\t\t\t<\/a>\n\t\t\t\t<\/div>\n\t\t\t\t\t\t\t\t<\/div>\n\t\t\t\t<\/div>\n\t\t\t\t<\/div>\n\t\t\t\t<\/div>\n\t\t\t\t\t<\/div>\n\t\t\t\t<\/div>\n\t\t<div class=\"elementor-element elementor-element-d10ab0b e-flex e-con-boxed e-con e-parent\" data-id=\"d10ab0b\" data-element_type=\"container\">\n\t\t\t\t\t<div class=\"e-con-inner\">\n\t\t\t\t<div class=\"elementor-element elementor-element-fa65e96 elementor-widget elementor-widget-qi_addons_for_elementor_contact_form_7\" data-id=\"fa65e96\" data-element_type=\"widget\" data-widget_type=\"qi_addons_for_elementor_contact_form_7.default\">\n\t\t\t\t<div class=\"elementor-widget-container\">\n\t\t\t\t\t<div class=\"qodef-shortcode qodef-m qodef-qi-contact-form-7\">\n\t\n<div class=\"wpcf7 no-js\" id=\"wpcf7-f11530-o1\" lang=\"fr-FR\" dir=\"ltr\" data-wpcf7-id=\"11530\">\n<div class=\"screen-reader-response\"><p role=\"status\" aria-live=\"polite\" aria-atomic=\"true\"><\/p> <ul><\/ul><\/div>\n<form action=\"\/fr\/wp-json\/wp\/v2\/pages\/11545#wpcf7-f11530-o1\" method=\"post\" class=\"wpcf7-form init\" aria-label=\"Formulaire de contact\" novalidate=\"novalidate\" data-status=\"init\">\n<fieldset class=\"hidden-fields-container\"><input type=\"hidden\" name=\"_wpcf7\" value=\"11530\" \/><input type=\"hidden\" name=\"_wpcf7_version\" value=\"6.1.4\" \/><input type=\"hidden\" name=\"_wpcf7_locale\" value=\"fr_FR\" \/><input type=\"hidden\" name=\"_wpcf7_unit_tag\" value=\"wpcf7-f11530-o1\" \/><input type=\"hidden\" name=\"_wpcf7_container_post\" value=\"0\" \/><input type=\"hidden\" name=\"_wpcf7_posted_data_hash\" value=\"\" \/>\n<\/fieldset>\n<div class=\"wpcf7-turnstile cf-turnstile\" data-sitekey=\"0x4AAAAAAEiJHB_Y9mcAeO2t\" data-response-field-name=\"_wpcf7_turnstile_response\"><\/div>\n\n<div class=\"md-contact-form\">\n\n  <div class=\"md-form-intro\">\n    <span class=\"md-form-eyebrow\">\u00c9CRIVEZ-NOUS<\/span>\n    <h2>PARLEZ-NOUS DE VOTRE PROJET<\/h2>\n    <p>Veuillez remplir le formulaire avec quelques informations de base. Notre \u00e9quipe examinera votre demande et vous contactera pour la suite des d\u00e9marches. <\/p>\n  <\/div>\n\n  <div class=\"md-form-row\">\n    <div class=\"md-form-field\">\n      <label>Nom et pr\u00e9nom *<\/label>\n [text* votre-nom autocomplete:nom espace r\u00e9serv\u00e9 \"Veuillez saisir votre pr\u00e9nom et votre nom.\"]\n    <\/div>\n\n    <div class=\"md-form-field\">\n      <label>Num\u00e9ro de t\u00e9l\u00e9phone *<\/label>\n [tel* votre-t\u00e9l\u00e9phone autocomplete:tel espace r\u00e9serv\u00e9 \"+383\"]\n    <\/div>\n  <\/div>\n\n  <div class=\"md-form-row\">\n    <div class=\"md-form-field\">\n      <label>E-mail *<\/label>\n [email* votre-email autocomplete:espace r\u00e9serv\u00e9 \u00e0 l'email \"email@exemple.com\"]\n    <\/div>\n\n    <div class=\"md-form-field\">\n      <label>Type de projet *<\/label>\n<span class=\"wpcf7-form-control-wrap\" data-name=\"project-type\"><select class=\"wpcf7-form-control wpcf7-select wpcf7-validates-as-required\" aria-required=\"true\" aria-invalid=\"false\" name=\"project-type\"><option value=\"\">S\u00e9lectionnez le type de projet<\/option><option value=\"cuisine\">cuisine<\/option><option value=\"Chambre \u00e0 coucher\">Chambre \u00e0 coucher<\/option><option value=\"Placard ou armoire\">Placard ou armoire<\/option><option value=\"Am\u00e9nagement complet de la maison\">Am\u00e9nagement complet de la maison<\/option><option value=\"Projet commercial ou h\u00f4telier\">Projet commercial ou h\u00f4telier<\/option><option value=\"Autre\">Autre<\/option><\/select><\/span>\n    <\/div>\n  <\/div>\n\n  <div class=\"md-form-field\">\n    <label>L'emplacement le plus appropri\u00e9<\/label>\n <span class=\"wpcf7-form-control-wrap\" data-name=\"preferred-location\"><select class=\"wpcf7-form-control wpcf7-select\" aria-invalid=\"false\" name=\"preferred-location\"><option value=\"\">Choisissez l&#039;emplacement<\/option><option value=\"PEC\">PEC<\/option><option value=\"Cr\u00e8me\">Cr\u00e8me<\/option><option value=\"Gjakova\">Gjakova<\/option><option value=\"R\u00fcmlang\u2013Zurich\">R\u00fcmlang\u2013Zurich<\/option><\/select><\/span>\n  <\/div>\n\n  <div class=\"md-form-field\">\n    <label>Parlez-nous de votre projet *<\/label>\n [textarea* votre-message espace r\u00e9serv\u00e9 \"D\u00e9crivez l'espace, ses dimensions approximatives, le style et vos besoins...\"]\n  <\/div>\n\n  <div class=\"md-form-consent\">\n    <span class=\"wpcf7-form-control-wrap\" data-name=\"privacy-consent\"><span class=\"wpcf7-form-control wpcf7-acceptance\"><span class=\"wpcf7-list-item\"><label><input type=\"checkbox\" name=\"privacy-consent\" value=\"1\" aria-invalid=\"false\" \/><span class=\"wpcf7-list-item-label\">J'accepte que Mobile Dekor utilise ces donn\u00e9es uniquement pour r\u00e9pondre \u00e0 ma demande.<\/span><\/label><\/span><\/span><\/span>\n  <\/div>\n\n  <div class=\"md-form-submit\">\n    <button class=\"wpcf7-form-control wpcf7-submit qodef-button qodef-size--normal qodef-layout--filled qodef-m\" type=\"submit\"><span class=\"qodef-m-text\">ENVOYER UNE DEMANDE<\/span><\/button>\n  <\/div>\n\n<\/div><div class=\"wpcf7-response-output\" aria-hidden=\"true\"><\/div>\n<\/form>\n<\/div>\n<\/div>\n\t\t\t\t<\/div>\n\t\t\t\t<\/div>\n\t\t\t\t\t<\/div>\n\t\t\t\t<\/div>\n\t\t\t\t<\/div>\n\t\t","protected":false},"excerpt":{"rendered":"<p>VOTRE PROJET COMMENCE ICI CONTACTEZ-NOUS D\u00e9crivez-nous votre espace et vos besoins. Notre \u00e9quipe vous accompagnera de la consultation \u00e0 la conception, jusqu&rsquo;\u00e0 la mise en \u0153uvre compl\u00e8te. Contact PARLONS DE VOTRE PROJET Qu\u2019il s\u2019agisse d\u2019une cuisine sur mesure, d\u2019un ameublement complet ou d\u2019un projet professionnel, notre \u00e9quipe est pr\u00eate \u00e0 vous \u00e9couter et \u00e0 vous [&hellip;]<\/p>\n","protected":false},"author":1,"featured_media":0,"parent":0,"menu_order":0,"comment_status":"closed","ping_status":"closed","template":"elementor_header_footer","meta":{"footnotes":""},"class_list":["post-11545","page","type-page","status-publish","hentry"],"yoast_head":"<!-- This site is optimized with the Yoast SEO Premium plugin v22.1 (Yoast SEO v26.7) - https:\/\/yoast.com\/wordpress\/plugins\/seo\/ -->\n<title>Contactez-nous - Mobile Dekor<\/title>\n<meta name=\"description\" content=\"Contactez Mobile Dekor pour vos cuisines, meubles sur mesure et projets professionnels. Rendez-nous visite \u00e0 Peja, Qyshk, Gjakova ou R\u00fcmlang (Zurich).\" \/>\n<meta name=\"robots\" content=\"index, follow, max-snippet:-1, max-image-preview:large, max-video-preview:-1\" \/>\n<link rel=\"canonical\" href=\"https:\/\/mobiledekor.com\/fr\/contactez-nous\/\" \/>\n<meta property=\"og:locale\" content=\"fr_FR\" \/>\n<meta property=\"og:type\" content=\"article\" \/>\n<meta property=\"og:title\" content=\"Contactez-nous\" \/>\n<meta property=\"og:description\" content=\"Contactez Mobile Dekor pour vos cuisines, meubles sur mesure et projets professionnels. Rendez-nous visite \u00e0 Peja, Qyshk, Gjakova ou R\u00fcmlang (Zurich).\" \/>\n<meta property=\"og:url\" content=\"https:\/\/mobiledekor.com\/fr\/contactez-nous\/\" \/>\n<meta property=\"og:site_name\" content=\"Mobile Dekor\" \/>\n<meta property=\"article:publisher\" content=\"https:\/\/www.facebook.com\/mobiledekor\" \/>\n<meta property=\"article:modified_time\" content=\"2026-08-30T16:36:28+00:00\" \/>\n<meta name=\"twitter:card\" content=\"summary_large_image\" \/>\n<meta name=\"twitter:label1\" content=\"Dur\u00e9e de lecture estim\u00e9e\" \/>\n\t<meta name=\"twitter:data1\" content=\"1 minute\" \/>\n<script type=\"application\/ld+json\" class=\"yoast-schema-graph\">{\"@context\":\"https:\/\/schema.org\",\"@graph\":[{\"@type\":\"WebPage\",\"@id\":\"https:\/\/mobiledekor.com\/fr\/contactez-nous\/\",\"url\":\"https:\/\/mobiledekor.com\/fr\/contactez-nous\/\",\"name\":\"Contactez-nous - Mobile Dekor\",\"isPartOf\":{\"@id\":\"https:\/\/mobiledekor.com\/fr\/#website\"},\"datePublished\":\"2026-08-30T16:34:55+00:00\",\"dateModified\":\"2026-08-30T16:36:28+00:00\",\"description\":\"Contactez Mobile Dekor pour vos cuisines, meubles sur mesure et projets professionnels. Rendez-nous visite \u00e0 Peja, Qyshk, Gjakova ou R\u00fcmlang (Zurich).\",\"breadcrumb\":{\"@id\":\"https:\/\/mobiledekor.com\/fr\/contactez-nous\/#breadcrumb\"},\"inLanguage\":\"fr-FR\",\"potentialAction\":[{\"@type\":\"ReadAction\",\"target\":[\"https:\/\/mobiledekor.com\/fr\/contactez-nous\/\"]}]},{\"@type\":\"BreadcrumbList\",\"@id\":\"https:\/\/mobiledekor.com\/fr\/contactez-nous\/#breadcrumb\",\"itemListElement\":[{\"@type\":\"ListItem\",\"position\":1,\"name\":\"Home\",\"item\":\"https:\/\/mobiledekor.com\/fr\/\"},{\"@type\":\"ListItem\",\"position\":2,\"name\":\"Contactez-nous\"}]},{\"@type\":\"WebSite\",\"@id\":\"https:\/\/mobiledekor.com\/fr\/#website\",\"url\":\"https:\/\/mobiledekor.com\/fr\/\",\"name\":\"Mobile Dekor\",\"description\":\"Kuzhina moderne dhe dhoma gjumi\",\"publisher\":{\"@id\":\"https:\/\/mobiledekor.com\/fr\/#organization\"},\"potentialAction\":[{\"@type\":\"SearchAction\",\"target\":{\"@type\":\"EntryPoint\",\"urlTemplate\":\"https:\/\/mobiledekor.com\/fr\/?s={search_term_string}\"},\"query-input\":{\"@type\":\"PropertyValueSpecification\",\"valueRequired\":true,\"valueName\":\"search_term_string\"}}],\"inLanguage\":\"fr-FR\"},{\"@type\":\"Organization\",\"@id\":\"https:\/\/mobiledekor.com\/fr\/#organization\",\"name\":\"Mobile Dekor\",\"url\":\"https:\/\/mobiledekor.com\/fr\/\",\"logo\":{\"@type\":\"ImageObject\",\"inLanguage\":\"fr-FR\",\"@id\":\"https:\/\/mobiledekor.com\/fr\/#\/schema\/logo\/image\/\",\"url\":\"https:\/\/mobiledekor.com\/wp-content\/uploads\/2023\/10\/Mobile-Dekor-PNG-1.png\",\"contentUrl\":\"https:\/\/mobiledekor.com\/wp-content\/uploads\/2023\/10\/Mobile-Dekor-PNG-1.png\",\"width\":2650,\"height\":385,\"caption\":\"Mobile Dekor\"},\"image\":{\"@id\":\"https:\/\/mobiledekor.com\/fr\/#\/schema\/logo\/image\/\"},\"sameAs\":[\"https:\/\/www.facebook.com\/mobiledekor\",\"https:\/\/www.instagram.com\/mobiledekor\",\"https:\/\/www.linkedin.com\/company\/mobiledekor\/about\/\"]}]}<\/script>\n<!-- \/ Yoast SEO Premium plugin. -->","yoast_head_json":{"title":"Contactez-nous - Mobile Dekor","description":"Contactez Mobile Dekor pour vos cuisines, meubles sur mesure et projets professionnels. Rendez-nous visite \u00e0 Peja, Qyshk, Gjakova ou R\u00fcmlang (Zurich).","robots":{"index":"index","follow":"follow","max-snippet":"max-snippet:-1","max-image-preview":"max-image-preview:large","max-video-preview":"max-video-preview:-1"},"canonical":"https:\/\/mobiledekor.com\/fr\/contactez-nous\/","og_locale":"fr_FR","og_type":"article","og_title":"Contactez-nous","og_description":"Contactez Mobile Dekor pour vos cuisines, meubles sur mesure et projets professionnels. Rendez-nous visite \u00e0 Peja, Qyshk, Gjakova ou R\u00fcmlang (Zurich).","og_url":"https:\/\/mobiledekor.com\/fr\/contactez-nous\/","og_site_name":"Mobile Dekor","article_publisher":"https:\/\/www.facebook.com\/mobiledekor","article_modified_time":"2026-08-30T16:36:28+00:00","twitter_card":"summary_large_image","twitter_misc":{"Dur\u00e9e de lecture estim\u00e9e":"1 minute"},"schema":{"@context":"https:\/\/schema.org","@graph":[{"@type":"WebPage","@id":"https:\/\/mobiledekor.com\/fr\/contactez-nous\/","url":"https:\/\/mobiledekor.com\/fr\/contactez-nous\/","name":"Contactez-nous - Mobile Dekor","isPartOf":{"@id":"https:\/\/mobiledekor.com\/fr\/#website"},"datePublished":"2026-08-30T16:34:55+00:00","dateModified":"2026-08-30T16:36:28+00:00","description":"Contactez Mobile Dekor pour vos cuisines, meubles sur mesure et projets professionnels. Rendez-nous visite \u00e0 Peja, Qyshk, Gjakova ou R\u00fcmlang (Zurich).","breadcrumb":{"@id":"https:\/\/mobiledekor.com\/fr\/contactez-nous\/#breadcrumb"},"inLanguage":"fr-FR","potentialAction":[{"@type":"ReadAction","target":["https:\/\/mobiledekor.com\/fr\/contactez-nous\/"]}]},{"@type":"BreadcrumbList","@id":"https:\/\/mobiledekor.com\/fr\/contactez-nous\/#breadcrumb","itemListElement":[{"@type":"ListItem","position":1,"name":"Home","item":"https:\/\/mobiledekor.com\/fr\/"},{"@type":"ListItem","position":2,"name":"Contactez-nous"}]},{"@type":"WebSite","@id":"https:\/\/mobiledekor.com\/fr\/#website","url":"https:\/\/mobiledekor.com\/fr\/","name":"Mobile Dekor","description":"Kuzhina moderne dhe dhoma gjumi","publisher":{"@id":"https:\/\/mobiledekor.com\/fr\/#organization"},"potentialAction":[{"@type":"SearchAction","target":{"@type":"EntryPoint","urlTemplate":"https:\/\/mobiledekor.com\/fr\/?s={search_term_string}"},"query-input":{"@type":"PropertyValueSpecification","valueRequired":true,"valueName":"search_term_string"}}],"inLanguage":"fr-FR"},{"@type":"Organization","@id":"https:\/\/mobiledekor.com\/fr\/#organization","name":"Mobile Dekor","url":"https:\/\/mobiledekor.com\/fr\/","logo":{"@type":"ImageObject","inLanguage":"fr-FR","@id":"https:\/\/mobiledekor.com\/fr\/#\/schema\/logo\/image\/","url":"https:\/\/mobiledekor.com\/wp-content\/uploads\/2023\/10\/Mobile-Dekor-PNG-1.png","contentUrl":"https:\/\/mobiledekor.com\/wp-content\/uploads\/2023\/10\/Mobile-Dekor-PNG-1.png","width":2650,"height":385,"caption":"Mobile Dekor"},"image":{"@id":"https:\/\/mobiledekor.com\/fr\/#\/schema\/logo\/image\/"},"sameAs":["https:\/\/www.facebook.com\/mobiledekor","https:\/\/www.instagram.com\/mobiledekor","https:\/\/www.linkedin.com\/company\/mobiledekor\/about\/"]}]}},"_links":{"self":[{"href":"https:\/\/mobiledekor.com\/fr\/wp-json\/wp\/v2\/pages\/11545","targetHints":{"allow":["GET"]}}],"collection":[{"href":"https:\/\/mobiledekor.com\/fr\/wp-json\/wp\/v2\/pages"}],"about":[{"href":"https:\/\/mobiledekor.com\/fr\/wp-json\/wp\/v2\/types\/page"}],"author":[{"embeddable":true,"href":"https:\/\/mobiledekor.com\/fr\/wp-json\/wp\/v2\/users\/1"}],"replies":[{"embeddable":true,"href":"https:\/\/mobiledekor.com\/fr\/wp-json\/wp\/v2\/comments?post=11545"}],"version-history":[{"count":1,"href":"https:\/\/mobiledekor.com\/fr\/wp-json\/wp\/v2\/pages\/11545\/revisions"}],"predecessor-version":[{"id":11546,"href":"https:\/\/mobiledekor.com\/fr\/wp-json\/wp\/v2\/pages\/11545\/revisions\/11546"}],"wp:attachment":[{"href":"https:\/\/mobiledekor.com\/fr\/wp-json\/wp\/v2\/media?parent=11545"}],"curies":[{"name":"wp","href":"https:\/\/api.w.org\/{rel}","templated":true}]}}